{"id":487,"date":"2020-11-23T14:49:20","date_gmt":"2020-11-23T12:49:20","guid":{"rendered":"https:\/\/www.ohanadental.org\/?post_type=jetpack-portfolio&#038;p=487"},"modified":"2024-03-09T20:57:04","modified_gmt":"2024-03-09T18:57:04","slug":"nens-i-nenes-saharauis","status":"publish","type":"jetpack-portfolio","link":"https:\/\/www.ohanadental.org\/es\/portfolio\/nens-i-nenes-saharauis\/","title":{"rendered":"Ni\u00f1os y ni\u00f1as saharauis"},"content":{"rendered":"<p>Ohana ha colaborado durante dos a\u00f1os consecutivos, 2018 y 2019, con las asociaciones Sabadell Wilaia y Terrasaharaui que se encargan de la acogida de ni\u00f1os y ni\u00f1as del Sahara durante los veranos con el proyecto Vacances en paz. Este 2022, despu\u00e9s de las dificultades para la pandemia, hemos colaborado de nuevo con Sabadell Wilaia.<br \/>\n<!--more--><\/p>\n<p>Visitamos a todos los ni\u00f1os y ni\u00f1as tratando a quienes ten\u00edan patolog\u00edas.<\/p>\n<p>Fue una alegr\u00eda poder volver a ver a los ni\u00f1os que ya hab\u00edamos conocido el a\u00f1o anterior. Desde aqu\u00ed queremos hacer un reconocimiento a todas aquellas familias que acogen dando todo por estos ni\u00f1os.<\/p>\n<p><span style=\"font-weight: 400;\"><img loading=\"lazy\" decoding=\"async\" class=\"aligncenter size-full wp-image-491\" src=\"https:\/\/www.ohanadental.org\/wp-content\/uploads\/2020\/11\/Projecte-Saharauis-Ohana-Local.jpg\" alt=\"\" width=\"1200\" height=\"1200\" srcset=\"https:\/\/www.ohanadental.org\/wp-content\/uploads\/2020\/11\/Projecte-Saharauis-Ohana-Local.jpg 1200w, https:\/\/www.ohanadental.org\/wp-content\/uploads\/2020\/11\/Projecte-Saharauis-Ohana-Local-300x300.jpg 300w, https:\/\/www.ohanadental.org\/wp-content\/uploads\/2020\/11\/Projecte-Saharauis-Ohana-Local-1024x1024.jpg 1024w, https:\/\/www.ohanadental.org\/wp-content\/uploads\/2020\/11\/Projecte-Saharauis-Ohana-Local-150x150.jpg 150w, https:\/\/www.ohanadental.org\/wp-content\/uploads\/2020\/11\/Projecte-Saharauis-Ohana-Local-768x768.jpg 768w, https:\/\/www.ohanadental.org\/wp-content\/uploads\/2020\/11\/Projecte-Saharauis-Ohana-Local-116x116.jpg 116w, https:\/\/www.ohanadental.org\/wp-content\/uploads\/2020\/11\/Projecte-Saharauis-Ohana-Local-50x50.jpg 50w\" sizes=\"auto, (max-width: 1200px) 100vw, 1200px\" \/><\/span><\/p>\n<p>Para nosotros es un placer poder colaborar anualmente en una causa como esta, y estamos encantados de recibir a los ni\u00f1os saharauis en nuestra cl\u00ednica. Os dejamos una foto m\u00e1s con los pacientes de este 2022:<\/p>\n<p><a href=\"https:\/\/www.ohanadental.org\/wp-content\/uploads\/2020\/11\/Valles-Willaia-Ohana.jpg\"><img loading=\"lazy\" decoding=\"async\" class=\"aligncenter wp-image-594 size-full\" src=\"https:\/\/www.ohanadental.org\/wp-content\/uploads\/2020\/11\/Valles-Willaia-Ohana.jpg\" alt=\"\" width=\"485\" height=\"334\" srcset=\"https:\/\/www.ohanadental.org\/wp-content\/uploads\/2020\/11\/Valles-Willaia-Ohana.jpg 485w, https:\/\/www.ohanadental.org\/wp-content\/uploads\/2020\/11\/Valles-Willaia-Ohana-300x207.jpg 300w, https:\/\/www.ohanadental.org\/wp-content\/uploads\/2020\/11\/Valles-Willaia-Ohana-168x116.jpg 168w\" sizes=\"auto, (max-width: 485px) 100vw, 485px\" \/><\/a><\/p>\n","protected":false},"excerpt":{"rendered":"<p>Ohana ha col\u00b7laborat durant dos anys consecutius, 2018 i 2019, amb les associacions Sabadell Wilaia i Terrasaharaui que s\u2019encarreguen de &hellip; <a href=\"https:\/\/www.ohanadental.org\/es\/portfolio\/nens-i-nenes-saharauis\/\" class=\"more-link\">Sigue leyendo <span class=\"screen-reader-text\">Ni\u00f1os y ni\u00f1as saharauis<\/span><\/a><\/p>\n","protected":false},"author":1,"featured_media":490,"comment_status":"closed","ping_status":"closed","template":"","format":"standard","meta":{"footnotes":""},"jetpack-portfolio-type":[30,29],"jetpack-portfolio-tag":[57,58,55,59,60,54,56,61],"class_list":["post-487","jetpack-portfolio","type-jetpack-portfolio","status-publish","format-standard","has-post-thumbnail","hentry","jetpack-portfolio-type-actuals","jetpack-portfolio-type-catalunya","jetpack-portfolio-tag-accio-local","jetpack-portfolio-tag-catalunya","jetpack-portfolio-tag-nens-i-nenes","jetpack-portfolio-tag-polinya","jetpack-portfolio-tag-sabadell-wilaia","jetpack-portfolio-tag-sahara-occidental","jetpack-portfolio-tag-saharauis","jetpack-portfolio-tag-terrasaharaui"],"translation":{"provider":"WPGlobus","version":"3.0.2","language":"es","enabled_languages":["ca","es"],"languages":{"ca":{"title":true,"content":true,"excerpt":false},"es":{"title":true,"content":true,"excerpt":false}}},"yoast_head":"<!-- This site is optimized with the Yoast SEO plugin v27.5 - https:\/\/yoast.com\/product\/yoast-seo-wordpress\/ -->\n<title>Ni\u00f1os y ni\u00f1as saharauis - Ohana Dental<\/title>\n<meta name=\"robots\" content=\"index, follow, max-snippet:-1, max-image-preview:large, max-video-preview:-1\" \/>\n<link rel=\"canonical\" href=\"https:\/\/www.ohanadental.org\/es\/portfolio\/nens-i-nenes-saharauis\/\" \/>\n<meta property=\"og:locale\" content=\"es_ES\" \/>\n<meta property=\"og:type\" content=\"article\" \/>\n<meta property=\"og:title\" content=\"Ni\u00f1os y ni\u00f1as saharauis - Ohana Dental\" \/>\n<meta property=\"og:url\" content=\"https:\/\/www.ohanadental.org\/es\/portfolio\/nens-i-nenes-saharauis\/\" \/>\n<meta property=\"og:site_name\" content=\"Ohana Dental\" \/>\n<meta property=\"article:modified_time\" content=\"2024-03-09T18:57:04+00:00\" \/>\n<meta property=\"og:image\" content=\"https:\/\/www.ohanadental.org\/wp-content\/uploads\/2020\/11\/Saharauis-Ohana-Portada.jpg\" \/>\n\t<meta property=\"og:image:width\" content=\"1200\" \/>\n\t<meta property=\"og:image:height\" content=\"800\" \/>\n\t<meta property=\"og:image:type\" content=\"image\/jpeg\" \/>\n<meta name=\"twitter:card\" content=\"summary_large_image\" \/>\n<meta name=\"twitter:label1\" content=\"Tiempo de lectura\" \/>\n\t<meta name=\"twitter:data1\" content=\"1 minuto\" \/>\n<script type=\"application\/ld+json\" class=\"yoast-schema-graph\">{\"@context\":\"https:\\\/\\\/schema.org\",\"@graph\":[{\"@type\":\"WebPage\",\"@id\":\"https:\\\/\\\/www.ohanadental.org\\\/es\\\/portfolio\\\/nens-i-nenes-saharauis\\\/\",\"url\":\"https:\\\/\\\/www.ohanadental.org\\\/es\\\/portfolio\\\/nens-i-nenes-saharauis\\\/\",\"name\":\"Ni\u00f1os y ni\u00f1as saharauis - Ohana Dental\",\"isPartOf\":{\"@id\":\"https:\\\/\\\/www.ohanadental.org\\\/es\\\/#website\"},\"primaryImageOfPage\":{\"@id\":\"https:\\\/\\\/www.ohanadental.org\\\/es\\\/portfolio\\\/nens-i-nenes-saharauis\\\/#primaryimage\"},\"image\":{\"@id\":\"https:\\\/\\\/www.ohanadental.org\\\/es\\\/portfolio\\\/nens-i-nenes-saharauis\\\/#primaryimage\"},\"thumbnailUrl\":\"https:\\\/\\\/www.ohanadental.org\\\/wp-content\\\/uploads\\\/2020\\\/11\\\/Saharauis-Ohana-Portada.jpg\",\"datePublished\":\"2020-11-23T12:49:20+00:00\",\"dateModified\":\"2024-03-09T18:57:04+00:00\",\"breadcrumb\":{\"@id\":\"https:\\\/\\\/www.ohanadental.org\\\/es\\\/portfolio\\\/nens-i-nenes-saharauis\\\/#breadcrumb\"},\"inLanguage\":\"es\",\"potentialAction\":[{\"@type\":\"ReadAction\",\"target\":[\"https:\\\/\\\/www.ohanadental.org\\\/es\\\/portfolio\\\/nens-i-nenes-saharauis\\\/\"]}]},{\"@type\":\"ImageObject\",\"inLanguage\":\"es\",\"@id\":\"https:\\\/\\\/www.ohanadental.org\\\/es\\\/portfolio\\\/nens-i-nenes-saharauis\\\/#primaryimage\",\"url\":\"https:\\\/\\\/www.ohanadental.org\\\/wp-content\\\/uploads\\\/2020\\\/11\\\/Saharauis-Ohana-Portada.jpg\",\"contentUrl\":\"https:\\\/\\\/www.ohanadental.org\\\/wp-content\\\/uploads\\\/2020\\\/11\\\/Saharauis-Ohana-Portada.jpg\",\"width\":1200,\"height\":800},{\"@type\":\"BreadcrumbList\",\"@id\":\"https:\\\/\\\/www.ohanadental.org\\\/es\\\/portfolio\\\/nens-i-nenes-saharauis\\\/#breadcrumb\",\"itemListElement\":[{\"@type\":\"ListItem\",\"position\":1,\"name\":\"Portada\",\"item\":\"https:\\\/\\\/www.ohanadental.org\\\/\"},{\"@type\":\"ListItem\",\"position\":2,\"name\":\"Projectes\",\"item\":\"https:\\\/\\\/www.ohanadental.org\\\/portfolio\\\/\"},{\"@type\":\"ListItem\",\"position\":3,\"name\":\"Nens i nenes saharauis\"}]},{\"@type\":\"WebSite\",\"@id\":\"https:\\\/\\\/www.ohanadental.org\\\/es\\\/#website\",\"url\":\"https:\\\/\\\/www.ohanadental.org\\\/es\\\/\",\"name\":\"Ohana Dental\",\"description\":\"Sonrisas por el mundo\",\"publisher\":{\"@id\":\"https:\\\/\\\/www.ohanadental.org\\\/es\\\/#organization\"},\"potentialAction\":[{\"@type\":\"SearchAction\",\"target\":{\"@type\":\"EntryPoint\",\"urlTemplate\":\"https:\\\/\\\/www.ohanadental.org\\\/es\\\/?s={search_term_string}\"},\"query-input\":{\"@type\":\"PropertyValueSpecification\",\"valueRequired\":true,\"valueName\":\"search_term_string\"}}],\"inLanguage\":\"es\"},{\"@type\":\"Organization\",\"@id\":\"https:\\\/\\\/www.ohanadental.org\\\/es\\\/#organization\",\"name\":\"Ohana Dental\",\"url\":\"https:\\\/\\\/www.ohanadental.org\\\/es\\\/\",\"logo\":{\"@type\":\"ImageObject\",\"inLanguage\":\"es\",\"@id\":\"https:\\\/\\\/www.ohanadental.org\\\/es\\\/#\\\/schema\\\/logo\\\/image\\\/\",\"url\":\"https:\\\/\\\/www.ohanadental.org\\\/wp-content\\\/uploads\\\/2017\\\/03\\\/cropped-logoweb.png\",\"contentUrl\":\"https:\\\/\\\/www.ohanadental.org\\\/wp-content\\\/uploads\\\/2017\\\/03\\\/cropped-logoweb.png\",\"width\":512,\"height\":512,\"caption\":\"Ohana Dental\"},\"image\":{\"@id\":\"https:\\\/\\\/www.ohanadental.org\\\/es\\\/#\\\/schema\\\/logo\\\/image\\\/\"}}]}<\/script>\n<!-- \/ Yoast SEO plugin. -->","yoast_head_json":{"title":"Ni\u00f1os y ni\u00f1as saharauis - Ohana Dental","robots":{"index":"index","follow":"follow","max-snippet":"max-snippet:-1","max-image-preview":"max-image-preview:large","max-video-preview":"max-video-preview:-1"},"canonical":"https:\/\/www.ohanadental.org\/es\/portfolio\/nens-i-nenes-saharauis\/","og_locale":"es_ES","og_type":"article","og_title":"Ni\u00f1os y ni\u00f1as saharauis - Ohana Dental","og_url":"https:\/\/www.ohanadental.org\/es\/portfolio\/nens-i-nenes-saharauis\/","og_site_name":"Ohana Dental","article_modified_time":"2024-03-09T18:57:04+00:00","og_image":[{"width":1200,"height":800,"url":"https:\/\/www.ohanadental.org\/wp-content\/uploads\/2020\/11\/Saharauis-Ohana-Portada.jpg","type":"image\/jpeg"}],"twitter_card":"summary_large_image","twitter_misc":{"Tiempo de lectura":"1 minuto"},"schema":{"@context":"https:\/\/schema.org","@graph":[{"@type":"WebPage","@id":"https:\/\/www.ohanadental.org\/es\/portfolio\/nens-i-nenes-saharauis\/","url":"https:\/\/www.ohanadental.org\/es\/portfolio\/nens-i-nenes-saharauis\/","name":"Ni\u00f1os y ni\u00f1as saharauis - Ohana Dental","isPartOf":{"@id":"https:\/\/www.ohanadental.org\/es\/#website"},"primaryImageOfPage":{"@id":"https:\/\/www.ohanadental.org\/es\/portfolio\/nens-i-nenes-saharauis\/#primaryimage"},"image":{"@id":"https:\/\/www.ohanadental.org\/es\/portfolio\/nens-i-nenes-saharauis\/#primaryimage"},"thumbnailUrl":"https:\/\/www.ohanadental.org\/wp-content\/uploads\/2020\/11\/Saharauis-Ohana-Portada.jpg","datePublished":"2020-11-23T12:49:20+00:00","dateModified":"2024-03-09T18:57:04+00:00","breadcrumb":{"@id":"https:\/\/www.ohanadental.org\/es\/portfolio\/nens-i-nenes-saharauis\/#breadcrumb"},"inLanguage":"es","potentialAction":[{"@type":"ReadAction","target":["https:\/\/www.ohanadental.org\/es\/portfolio\/nens-i-nenes-saharauis\/"]}]},{"@type":"ImageObject","inLanguage":"es","@id":"https:\/\/www.ohanadental.org\/es\/portfolio\/nens-i-nenes-saharauis\/#primaryimage","url":"https:\/\/www.ohanadental.org\/wp-content\/uploads\/2020\/11\/Saharauis-Ohana-Portada.jpg","contentUrl":"https:\/\/www.ohanadental.org\/wp-content\/uploads\/2020\/11\/Saharauis-Ohana-Portada.jpg","width":1200,"height":800},{"@type":"BreadcrumbList","@id":"https:\/\/www.ohanadental.org\/es\/portfolio\/nens-i-nenes-saharauis\/#breadcrumb","itemListElement":[{"@type":"ListItem","position":1,"name":"Portada","item":"https:\/\/www.ohanadental.org\/"},{"@type":"ListItem","position":2,"name":"Projectes","item":"https:\/\/www.ohanadental.org\/portfolio\/"},{"@type":"ListItem","position":3,"name":"Nens i nenes saharauis"}]},{"@type":"WebSite","@id":"https:\/\/www.ohanadental.org\/es\/#website","url":"https:\/\/www.ohanadental.org\/es\/","name":"Ohana Dental","description":"Sonrisas por el mundo","publisher":{"@id":"https:\/\/www.ohanadental.org\/es\/#organization"},"potentialAction":[{"@type":"SearchAction","target":{"@type":"EntryPoint","urlTemplate":"https:\/\/www.ohanadental.org\/es\/?s={search_term_string}"},"query-input":{"@type":"PropertyValueSpecification","valueRequired":true,"valueName":"search_term_string"}}],"inLanguage":"es"},{"@type":"Organization","@id":"https:\/\/www.ohanadental.org\/es\/#organization","name":"Ohana Dental","url":"https:\/\/www.ohanadental.org\/es\/","logo":{"@type":"ImageObject","inLanguage":"es","@id":"https:\/\/www.ohanadental.org\/es\/#\/schema\/logo\/image\/","url":"https:\/\/www.ohanadental.org\/wp-content\/uploads\/2017\/03\/cropped-logoweb.png","contentUrl":"https:\/\/www.ohanadental.org\/wp-content\/uploads\/2017\/03\/cropped-logoweb.png","width":512,"height":512,"caption":"Ohana Dental"},"image":{"@id":"https:\/\/www.ohanadental.org\/es\/#\/schema\/logo\/image\/"}}]}},"jetpack_sharing_enabled":true,"_links":{"self":[{"href":"https:\/\/www.ohanadental.org\/es\/wp-json\/wp\/v2\/jetpack-portfolio\/487","targetHints":{"allow":["GET"]}}],"collection":[{"href":"https:\/\/www.ohanadental.org\/es\/wp-json\/wp\/v2\/jetpack-portfolio"}],"about":[{"href":"https:\/\/www.ohanadental.org\/es\/wp-json\/wp\/v2\/types\/jetpack-portfolio"}],"author":[{"embeddable":true,"href":"https:\/\/www.ohanadental.org\/es\/wp-json\/wp\/v2\/users\/1"}],"replies":[{"embeddable":true,"href":"https:\/\/www.ohanadental.org\/es\/wp-json\/wp\/v2\/comments?post=487"}],"version-history":[{"count":4,"href":"https:\/\/www.ohanadental.org\/es\/wp-json\/wp\/v2\/jetpack-portfolio\/487\/revisions"}],"predecessor-version":[{"id":618,"href":"https:\/\/www.ohanadental.org\/es\/wp-json\/wp\/v2\/jetpack-portfolio\/487\/revisions\/618"}],"wp:featuredmedia":[{"embeddable":true,"href":"https:\/\/www.ohanadental.org\/es\/wp-json\/wp\/v2\/media\/490"}],"wp:attachment":[{"href":"https:\/\/www.ohanadental.org\/es\/wp-json\/wp\/v2\/media?parent=487"}],"wp:term":[{"taxonomy":"jetpack-portfolio-type","embeddable":true,"href":"https:\/\/www.ohanadental.org\/es\/wp-json\/wp\/v2\/jetpack-portfolio-type?post=487"},{"taxonomy":"jetpack-portfolio-tag","embeddable":true,"href":"https:\/\/www.ohanadental.org\/es\/wp-json\/wp\/v2\/jetpack-portfolio-tag?post=487"}],"curies":[{"name":"wp","href":"https:\/\/api.w.org\/{rel}","templated":true}]}}